{"id":1613,"date":"2015-06-08T11:16:20","date_gmt":"2015-06-08T14:16:20","guid":{"rendered":"https:\/\/noticiasungs.ungs.edu.ar\/?page_id=1613"},"modified":"2015-06-26T15:35:33","modified_gmt":"2015-06-26T18:35:33","slug":"noticias-ungs-3","status":"publish","type":"page","link":"https:\/\/noticiasungs.ungs.edu.ar\/?page_id=1613","title":{"rendered":"Noticias UNGS n\u00ba 69"},"content":{"rendered":"<section class=\"full vc_row wpb_row vc_row-fluid\">\n\t<div class=\"vc_col-sm-12 wpb_column vc_column_container \">\n\t\t<div class=\"wpb_wrapper\">\n\t\t\t\t<div class=\"aq-block-aq_page_header_block\">\r\n\t\r\n<header class=\"page-header ebor-pad-me\">\r\n\r\n\t<div class=\"background-image-holder parallax-background\">\r\n\t\t<img width=\"3456\" height=\"5184\" src=\"https:\/\/noticiasungs.ungs.edu.ar\/wp-content\/uploads\/2015\/06\/Propuesta-de-tapa-JUNIO-en-baja.jpg\" class=\"background-image\" alt=\"\" loading=\"lazy\" srcset=\"https:\/\/noticiasungs.ungs.edu.ar\/wp-content\/uploads\/2015\/06\/Propuesta-de-tapa-JUNIO-en-baja.jpg 3456w, https:\/\/noticiasungs.ungs.edu.ar\/wp-content\/uploads\/2015\/06\/Propuesta-de-tapa-JUNIO-en-baja-200x300.jpg 200w, https:\/\/noticiasungs.ungs.edu.ar\/wp-content\/uploads\/2015\/06\/Propuesta-de-tapa-JUNIO-en-baja-683x1024.jpg 683w\" sizes=\"(max-width: 3456px) 100vw, 3456px\" \/>\t<\/div>\r\n\t\r\n\t<div class=\"container\">\r\n\t\t<div class=\"row\">\r\n\t\t\t<div class=\"col-sm-12 text-center\">\r\n\t\t\t\t<span class=\"text-white alt-font\">N\u00ba 69<\/span><h1 class=\"text-white space-bottom-medium\">M\u00e1s Democracia<\/h1><p class=\"lead text-white\">Presupuesto Participativo. Am\u00e9rica Latina. Reforma Estatuto.<\/p><a href=\"https:\/\/noticiasungs.ungs.edu.ar\/?p=1706\" class=\"btn btn-primary btn-white\" target=\"_self\">Ver<\/a>\t\t\t<\/div>\r\n\t\t<\/div>\r\n\t<\/div>\r\n\t\r\n<\/header>\r\n\r\n\t<\/div>\r\n\t\n\t\t<\/div> \n\t<\/div> \n<\/section><section class=\"full vc_row wpb_row vc_row-fluid\">\n\t<div class=\"vc_col-sm-12 wpb_column vc_column_container \">\n\t\t<div class=\"wpb_wrapper\">\n\t\t\t<a href=\"#\" id=\"\" class=\"in-page-link\"><\/a><section class=\" vc_row wpb_row vc_inner vc_row-fluid vc_custom_1414683745936\"><div class=\"container\"><div class=\"row\">\n\t<div class=\"vc_col-sm-6 wpb_column vc_column_container \">\n\t\t<div class=\"wpb_wrapper\">\n\t\t\t\n\t\t<\/div> \n\t<\/div> \n\n\t<div class=\"vc_col-sm-6 wpb_column vc_column_container \">\n\t\t<div class=\"wpb_wrapper\">\n\t\t\t\n\t\t<\/div> \n\t<\/div> \n<\/div><\/div><\/section><div class=\"vc_separator wpb_content_element vc_sep_width_100 vc_sep_border_width_10 vc_sep_pos_align_center vc_separator_no_text vc_sep_color_white\">\r\n\t<span class=\"vc_sep_holder vc_sep_holder_l\"><span class=\"vc_sep_line\"><\/span><\/span>\r\n\t\t<span class=\"vc_sep_holder vc_sep_holder_r\"><span class=\"vc_sep_line\"><\/span><\/span>\r\n<\/div>\r\n\n\n\t\t<\/div> \n\t<\/div> \n\n\t<div class=\"vc_col-sm-12 wpb_column vc_column_container \">\n\t\t<div class=\"wpb_wrapper\">\n\t\t\t<span class=\" alt-font text-center ebor-block\">...................<\/span>\n\t\t<\/div> \n\t<\/div> \n\n\t<div class=\"vc_col-sm-12 wpb_column vc_column_container \">\n\t\t<div class=\"wpb_wrapper\">\n\t\t\t\t<div class=\"aq-block-aq_page_header_block\">\r\n\t\r\n<section class=\"action-banner overlay ebor-pad-me\">\r\n\r\n\t<div class=\"background-image-holder parallax-background\">\r\n\t\t\t<\/div>\r\n\t\r\n\t<div class=\"container\">\r\n\t\t<div class=\"row\">\r\n\t\t\t<div class=\"col-md-8 col-md-offset-2 col-sm-10 col-sm-offset-1 text-center\">\r\n\t\t\t\t<h1 class=\"text-white\">Pasado y presente de Am\u00e9rica Latina<\/h1><h2 class=\"text-white\">La UNGS es el nodo articulador por Argentina del programa ''democracias en revoluci\u00f3n y revoluci\u00f3n en democracias'' desde el 2014<\/h2><a href=\"https:\/\/noticiasungs.ungs.edu.ar\/?p=1701\" class=\"btn btn-primary btn-white\" target=\"_self\">Ver<\/a>\t\t\t<\/div>\r\n\t\t<\/div>\r\n\t<\/div>\r\n\t\r\n<\/section>\r\n\r\n\t<\/div>\r\n\t<span class=\" alt-font text-center ebor-block\">..................<\/span>\n\t\t<\/div> \n\t<\/div> \n<\/section><section class=\"full vc_row wpb_row vc_row-fluid\">\n\t<div class=\"vc_col-sm-12 wpb_column vc_column_container \">\n\t\t<div class=\"wpb_wrapper\">\n\t\t\t\r\n\t<section class=\"no-pad-bottom projects-gallery\">\r\n\t\t<div class=\"projects-wrapper clearfix\">\r\n\t\t\r\n\t\t\t\t\r\n\t\t\t\r\n\t\t\t\t<div class=\"projects-container\">\r\n\t\t\t\t\r\n\t\t\t\t\t<div id=\"portfolio-4441\" class=\"col-md-4 col-sm-6 no-pad project image-holder comunidad cultural institucional no-69\">\r\n\r\n\t<div class=\"background-image-holder\">\r\n\t\t<img width=\"2592\" height=\"1456\" src=\"https:\/\/noticiasungs.ungs.edu.ar\/wp-content\/uploads\/2019\/05\/Exterior-Radio-Smerlin_opt.jpeg\" class=\"background-image wp-post-image\" alt=\"\" loading=\"lazy\" srcset=\"https:\/\/noticiasungs.ungs.edu.ar\/wp-content\/uploads\/2019\/05\/Exterior-Radio-Smerlin_opt.jpeg 2592w, https:\/\/noticiasungs.ungs.edu.ar\/wp-content\/uploads\/2019\/05\/Exterior-Radio-Smerlin_opt-300x169.jpeg 300w, https:\/\/noticiasungs.ungs.edu.ar\/wp-content\/uploads\/2019\/05\/Exterior-Radio-Smerlin_opt-768x431.jpeg 768w, https:\/\/noticiasungs.ungs.edu.ar\/wp-content\/uploads\/2019\/05\/Exterior-Radio-Smerlin_opt-1024x575.jpeg 1024w\" sizes=\"(max-width: 2592px) 100vw, 2592px\" \/>\t<\/div>\r\n\t\r\n\t<div class=\"hover-state\">\r\n\t\t<div class=\"align-vertical text-center\">\r\n\t\t\t<h1 class=\"text-white\"><strong>FM La Uni renueva su compromiso<\/strong><\/h1>\t\t\t<p class=\"text-white ebor-limit-width\">RADIO. &nbsp; En el actual escenario medi\u00e1tico de disputa de sentidos, de concepciones de pa\u00eds,...<\/p>\r\n\t\t\t<a href=\"https:\/\/noticiasungs.ungs.edu.ar\/?portfolio=fm-la-uni-renueva-su-compromiso\" class=\"btn btn-primary btn-white\">\r\n\t\t\t\tVer\t\t\t<\/a>\r\n\t\t<\/div>\r\n\t<\/div>\r\n\t\r\n<\/div><div id=\"portfolio-4097\" class=\"col-md-4 col-sm-6 no-pad project image-holder academia-y-ciencia comunidad cultural no-69\">\r\n\r\n\t<div class=\"background-image-holder\">\r\n\t\t<img width=\"1280\" height=\"959\" src=\"https:\/\/noticiasungs.ungs.edu.ar\/wp-content\/uploads\/2018\/09\/Aborto-legal-4_opt.jpeg\" class=\"background-image wp-post-image\" alt=\"\" loading=\"lazy\" srcset=\"https:\/\/noticiasungs.ungs.edu.ar\/wp-content\/uploads\/2018\/09\/Aborto-legal-4_opt.jpeg 1280w, https:\/\/noticiasungs.ungs.edu.ar\/wp-content\/uploads\/2018\/09\/Aborto-legal-4_opt-300x225.jpeg 300w, https:\/\/noticiasungs.ungs.edu.ar\/wp-content\/uploads\/2018\/09\/Aborto-legal-4_opt-768x575.jpeg 768w, https:\/\/noticiasungs.ungs.edu.ar\/wp-content\/uploads\/2018\/09\/Aborto-legal-4_opt-1024x767.jpeg 1024w\" sizes=\"(max-width: 1280px) 100vw, 1280px\" \/>\t<\/div>\r\n\t\r\n\t<div class=\"hover-state\">\r\n\t\t<div class=\"align-vertical text-center\">\r\n\t\t\t<h1 class=\"text-white\"><strong>Noticias del futuro<\/strong><\/h1>\t\t\t<p class=\"text-white ebor-limit-width\">FEMINISMOS. Los feminismos constituyen un nuevo sujeto pol\u00edtico y, a la vez, irrumpen en la...<\/p>\r\n\t\t\t<a href=\"https:\/\/noticiasungs.ungs.edu.ar\/?portfolio=4097\" class=\"btn btn-primary btn-white\">\r\n\t\t\t\tVer\t\t\t<\/a>\r\n\t\t<\/div>\r\n\t<\/div>\r\n\t\r\n<\/div><div id=\"portfolio-1687\" class=\"col-md-4 col-sm-6 no-pad project image-holder academia-y-ciencia comunidad no-69\">\r\n\r\n\t<div class=\"background-image-holder\">\r\n\t\t<img width=\"4962\" height=\"3508\" src=\"https:\/\/noticiasungs.ungs.edu.ar\/wp-content\/uploads\/2015\/06\/Imagen-c\u00e1rcel-DDHH-SistemaPenitenciario.jpg\" class=\"background-image wp-post-image\" alt=\"\" loading=\"lazy\" srcset=\"https:\/\/noticiasungs.ungs.edu.ar\/wp-content\/uploads\/2015\/06\/Imagen-c\u00e1rcel-DDHH-SistemaPenitenciario.jpg 4962w, https:\/\/noticiasungs.ungs.edu.ar\/wp-content\/uploads\/2015\/06\/Imagen-c\u00e1rcel-DDHH-SistemaPenitenciario-300x212.jpg 300w, https:\/\/noticiasungs.ungs.edu.ar\/wp-content\/uploads\/2015\/06\/Imagen-c\u00e1rcel-DDHH-SistemaPenitenciario-1024x724.jpg 1024w\" sizes=\"(max-width: 4962px) 100vw, 4962px\" \/>\t<\/div>\r\n\t\r\n\t<div class=\"hover-state\">\r\n\t\t<div class=\"align-vertical text-center\">\r\n\t\t\t<h1 class=\"text-white\"><strong>Violencia institucional contra los j\u00f3venes<\/strong><\/h1>\t\t\t<p class=\"text-white ebor-limit-width\">J\u00d3VENES Y SISTEMA PENITENCIARIO EN LA ARGENTINA ACTUAL. El debate sobre la connivencia entre el...<\/p>\r\n\t\t\t<a href=\"https:\/\/noticiasungs.ungs.edu.ar\/?portfolio=violencia-institucional-contra-los-jovenes\" class=\"btn btn-primary btn-white\">\r\n\t\t\t\tVer\t\t\t<\/a>\r\n\t\t<\/div>\r\n\t<\/div>\r\n\t\r\n<\/div><div id=\"portfolio-1690\" class=\"col-md-4 col-sm-6 no-pad project image-holder comunidad cultural institucional no-69\">\r\n\r\n\t<div class=\"background-image-holder\">\r\n\t\t<img width=\"5184\" height=\"3456\" src=\"https:\/\/noticiasungs.ungs.edu.ar\/wp-content\/uploads\/2015\/06\/karamelo-en-el-mural.jpg\" class=\"background-image wp-post-image\" alt=\"\" loading=\"lazy\" srcset=\"https:\/\/noticiasungs.ungs.edu.ar\/wp-content\/uploads\/2015\/06\/karamelo-en-el-mural.jpg 5184w, https:\/\/noticiasungs.ungs.edu.ar\/wp-content\/uploads\/2015\/06\/karamelo-en-el-mural-300x200.jpg 300w, https:\/\/noticiasungs.ungs.edu.ar\/wp-content\/uploads\/2015\/06\/karamelo-en-el-mural-1024x683.jpg 1024w, https:\/\/noticiasungs.ungs.edu.ar\/wp-content\/uploads\/2015\/06\/karamelo-en-el-mural-600x400.jpg 600w\" sizes=\"(max-width: 5184px) 100vw, 5184px\" \/>\t<\/div>\r\n\t\r\n\t<div class=\"hover-state\">\r\n\t\t<div class=\"align-vertical text-center\">\r\n\t\t\t<h1 class=\"text-white\"><strong>Discutir la asignaci\u00f3n de recursos<\/strong><\/h1>\t\t\t<p class=\"text-white ebor-limit-width\">TERCERA EDICI\u00d3N DEL PRESUPUESTO PARTICIPATIVO EN LA UNGS. Una nutrida concurrencia dio marco a la...<\/p>\r\n\t\t\t<a href=\"https:\/\/noticiasungs.ungs.edu.ar\/?portfolio=discutir-la-asignacion-de-recursos\" class=\"btn btn-primary btn-white\">\r\n\t\t\t\tVer\t\t\t<\/a>\r\n\t\t<\/div>\r\n\t<\/div>\r\n\t\r\n<\/div><div id=\"portfolio-1683\" class=\"col-md-4 col-sm-6 no-pad project image-holder comunidad institucional no-69\">\r\n\r\n\t<div class=\"background-image-holder\">\r\n\t\t<img width=\"2784\" height=\"2796\" src=\"https:\/\/noticiasungs.ungs.edu.ar\/wp-content\/uploads\/2015\/06\/recorte-ruggiero.jpg\" class=\"background-image wp-post-image\" alt=\"\" loading=\"lazy\" srcset=\"https:\/\/noticiasungs.ungs.edu.ar\/wp-content\/uploads\/2015\/06\/recorte-ruggiero.jpg 2784w, https:\/\/noticiasungs.ungs.edu.ar\/wp-content\/uploads\/2015\/06\/recorte-ruggiero-150x150.jpg 150w, https:\/\/noticiasungs.ungs.edu.ar\/wp-content\/uploads\/2015\/06\/recorte-ruggiero-300x300.jpg 300w, https:\/\/noticiasungs.ungs.edu.ar\/wp-content\/uploads\/2015\/06\/recorte-ruggiero-1020x1024.jpg 1020w, https:\/\/noticiasungs.ungs.edu.ar\/wp-content\/uploads\/2015\/06\/recorte-ruggiero-172x172.jpg 172w, https:\/\/noticiasungs.ungs.edu.ar\/wp-content\/uploads\/2015\/06\/recorte-ruggiero-60x60.jpg 60w\" sizes=\"(max-width: 2784px) 100vw, 2784px\" \/>\t<\/div>\r\n\t\r\n\t<div class=\"hover-state\">\r\n\t\t<div class=\"align-vertical text-center\">\r\n\t\t\t<h1 class=\"text-white\"><strong>Balance y expectativas<\/strong><\/h1>\t\t\t<p class=\"text-white ebor-limit-width\">ENTREVISTA A GUSTAVO RUGGIERO. El secretario general de la Universidad convers\u00f3 con Noticias UNGS sobre...<\/p>\r\n\t\t\t<a href=\"https:\/\/noticiasungs.ungs.edu.ar\/?portfolio=balance-y-expectativas\" class=\"btn btn-primary btn-white\">\r\n\t\t\t\tVer\t\t\t<\/a>\r\n\t\t<\/div>\r\n\t<\/div>\r\n\t\r\n<\/div><div id=\"portfolio-1680\" class=\"col-md-4 col-sm-6 no-pad project image-holder academia-y-ciencia no-69\">\r\n\r\n\t<div class=\"background-image-holder\">\r\n\t\t<img width=\"2362\" height=\"2953\" src=\"https:\/\/noticiasungs.ungs.edu.ar\/wp-content\/uploads\/2015\/06\/Anibal-Ponce-dibujo.jpg\" class=\"background-image wp-post-image\" alt=\"\" loading=\"lazy\" srcset=\"https:\/\/noticiasungs.ungs.edu.ar\/wp-content\/uploads\/2015\/06\/Anibal-Ponce-dibujo.jpg 2362w, https:\/\/noticiasungs.ungs.edu.ar\/wp-content\/uploads\/2015\/06\/Anibal-Ponce-dibujo-240x300.jpg 240w, https:\/\/noticiasungs.ungs.edu.ar\/wp-content\/uploads\/2015\/06\/Anibal-Ponce-dibujo-819x1024.jpg 819w\" sizes=\"(max-width: 2362px) 100vw, 2362px\" \/>\t<\/div>\r\n\t\r\n\t<div class=\"hover-state\">\r\n\t\t<div class=\"align-vertical text-center\">\r\n\t\t\t<h1 class=\"text-white\"><strong>An\u00edbal Ponce: El largo y sinuoso camino hacia el marxismo<\/strong><\/h1>\t\t\t<p class=\"text-white ebor-limit-width\">PESADORES LATINOAMERICANOS. Breves e intensas fueron las vidas del peruano Jos\u00e9 Carlos Mari\u00e1tegui (1894-1930) y...<\/p>\r\n\t\t\t<a href=\"https:\/\/noticiasungs.ungs.edu.ar\/?portfolio=anibal-ponce-el-largo-y-sinuoso-camino-hacia-el-marxismo\" class=\"btn btn-primary btn-white\">\r\n\t\t\t\tVer\t\t\t<\/a>\r\n\t\t<\/div>\r\n\t<\/div>\r\n\t\r\n<\/div><div id=\"portfolio-1677\" class=\"col-md-4 col-sm-6 no-pad project image-holder academia-y-ciencia no-69\">\r\n\r\n\t<div class=\"background-image-holder\">\r\n\t\t<img width=\"5184\" height=\"3456\" src=\"https:\/\/noticiasungs.ungs.edu.ar\/wp-content\/uploads\/2015\/06\/Mar\u00eda-P\u00eda-L\u00f3pez-Mari\u00e1tegui-Pensadores-Latinoamericanos-.jpg\" class=\"background-image wp-post-image\" alt=\"\" loading=\"lazy\" srcset=\"https:\/\/noticiasungs.ungs.edu.ar\/wp-content\/uploads\/2015\/06\/Mar\u00eda-P\u00eda-L\u00f3pez-Mari\u00e1tegui-Pensadores-Latinoamericanos-.jpg 5184w, https:\/\/noticiasungs.ungs.edu.ar\/wp-content\/uploads\/2015\/06\/Mar\u00eda-P\u00eda-L\u00f3pez-Mari\u00e1tegui-Pensadores-Latinoamericanos--300x200.jpg 300w, https:\/\/noticiasungs.ungs.edu.ar\/wp-content\/uploads\/2015\/06\/Mar\u00eda-P\u00eda-L\u00f3pez-Mari\u00e1tegui-Pensadores-Latinoamericanos--1024x683.jpg 1024w, https:\/\/noticiasungs.ungs.edu.ar\/wp-content\/uploads\/2015\/06\/Mar\u00eda-P\u00eda-L\u00f3pez-Mari\u00e1tegui-Pensadores-Latinoamericanos--600x400.jpg 600w\" sizes=\"(max-width: 5184px) 100vw, 5184px\" \/>\t<\/div>\r\n\t\r\n\t<div class=\"hover-state\">\r\n\t\t<div class=\"align-vertical text-center\">\r\n\t\t\t<h1 class=\"text-white\"><strong>Mari\u00e1tegui, precursor del pensamiento latinoamericano<\/strong><\/h1>\t\t\t<p class=\"text-white ebor-limit-width\">PENSADORES LATINOAMERICANOS. Breves e intensas fueron las vidas del peruano Jos\u00e9 Carlos Mari\u00e1tegui (1894-1930) y...<\/p>\r\n\t\t\t<a href=\"https:\/\/noticiasungs.ungs.edu.ar\/?portfolio=mariategui-precursor-del-pensamiento-latinoamericano\" class=\"btn btn-primary btn-white\">\r\n\t\t\t\tVer\t\t\t<\/a>\r\n\t\t<\/div>\r\n\t<\/div>\r\n\t\r\n<\/div><div id=\"portfolio-1672\" class=\"col-md-4 col-sm-6 no-pad project image-holder academia-y-ciencia comunidad no-69\">\r\n\r\n\t<div class=\"background-image-holder\">\r\n\t\t<img width=\"1200\" height=\"800\" src=\"https:\/\/noticiasungs.ungs.edu.ar\/wp-content\/uploads\/2015\/06\/Toma-predio-2-MAFIA.jpg\" class=\"background-image wp-post-image\" alt=\"\" loading=\"lazy\" srcset=\"https:\/\/noticiasungs.ungs.edu.ar\/wp-content\/uploads\/2015\/06\/Toma-predio-2-MAFIA.jpg 1200w, https:\/\/noticiasungs.ungs.edu.ar\/wp-content\/uploads\/2015\/06\/Toma-predio-2-MAFIA-300x200.jpg 300w, https:\/\/noticiasungs.ungs.edu.ar\/wp-content\/uploads\/2015\/06\/Toma-predio-2-MAFIA-1024x683.jpg 1024w, https:\/\/noticiasungs.ungs.edu.ar\/wp-content\/uploads\/2015\/06\/Toma-predio-2-MAFIA-600x400.jpg 600w\" sizes=\"(max-width: 1200px) 100vw, 1200px\" \/>\t<\/div>\r\n\t\r\n\t<div class=\"hover-state\">\r\n\t\t<div class=\"align-vertical text-center\">\r\n\t\t\t<h1 class=\"text-white\"><strong>Por ciudades m\u00e1s inclusivas<\/strong><\/h1>\t\t\t<p class=\"text-white ebor-limit-width\">SEMINARIO INTERNACIONAL EN LA UNGS. De acuerdo al ensayo La vivienda en Am\u00e9rica Latina (2001)...<\/p>\r\n\t\t\t<a href=\"https:\/\/noticiasungs.ungs.edu.ar\/?portfolio=por-ciudades-mas-inclusivas\" class=\"btn btn-primary btn-white\">\r\n\t\t\t\tVer\t\t\t<\/a>\r\n\t\t<\/div>\r\n\t<\/div>\r\n\t\r\n<\/div><div id=\"portfolio-1667\" class=\"col-md-4 col-sm-6 no-pad project image-holder academia-y-ciencia comunidad no-69\">\r\n\r\n\t<div class=\"background-image-holder\">\r\n\t\t<img width=\"1545\" height=\"1024\" src=\"https:\/\/noticiasungs.ungs.edu.ar\/wp-content\/uploads\/2015\/06\/Escuelas-argentinas-3.jpg\" class=\"background-image wp-post-image\" alt=\"\" loading=\"lazy\" srcset=\"https:\/\/noticiasungs.ungs.edu.ar\/wp-content\/uploads\/2015\/06\/Escuelas-argentinas-3.jpg 1545w, https:\/\/noticiasungs.ungs.edu.ar\/wp-content\/uploads\/2015\/06\/Escuelas-argentinas-3-300x199.jpg 300w, https:\/\/noticiasungs.ungs.edu.ar\/wp-content\/uploads\/2015\/06\/Escuelas-argentinas-3-1024x679.jpg 1024w\" sizes=\"(max-width: 1545px) 100vw, 1545px\" \/>\t<\/div>\r\n\t\r\n\t<div class=\"hover-state\">\r\n\t\t<div class=\"align-vertical text-center\">\r\n\t\t\t<h1 class=\"text-white\"><strong>Sobre pol\u00edticas p\u00fablicas y desigualdades escolares<\/strong><\/h1>\t\t\t<p class=\"text-white ebor-limit-width\">EDUCACI\u00d3N. La UNGS fue sede del Seminario Nacional \u201cDesigualdad escolar, pol\u00edticas sociales y territorios\u201d, organizado...<\/p>\r\n\t\t\t<a href=\"https:\/\/noticiasungs.ungs.edu.ar\/?portfolio=sobre-politicas-publicas-y-desigualdades-escolares\" class=\"btn btn-primary btn-white\">\r\n\t\t\t\tVer\t\t\t<\/a>\r\n\t\t<\/div>\r\n\t<\/div>\r\n\t\r\n<\/div><div id=\"portfolio-1664\" class=\"col-md-4 col-sm-6 no-pad project image-holder academia-y-ciencia comunidad cultural no-69\">\r\n\r\n\t<div class=\"background-image-holder\">\r\n\t\t<img width=\"1200\" height=\"800\" src=\"https:\/\/noticiasungs.ungs.edu.ar\/wp-content\/uploads\/2015\/06\/Infancia-consumo-infantil-Violetta-autor-MAFIA.jpg\" class=\"background-image wp-post-image\" alt=\"\" loading=\"lazy\" srcset=\"https:\/\/noticiasungs.ungs.edu.ar\/wp-content\/uploads\/2015\/06\/Infancia-consumo-infantil-Violetta-autor-MAFIA.jpg 1200w, https:\/\/noticiasungs.ungs.edu.ar\/wp-content\/uploads\/2015\/06\/Infancia-consumo-infantil-Violetta-autor-MAFIA-300x200.jpg 300w, https:\/\/noticiasungs.ungs.edu.ar\/wp-content\/uploads\/2015\/06\/Infancia-consumo-infantil-Violetta-autor-MAFIA-1024x683.jpg 1024w, https:\/\/noticiasungs.ungs.edu.ar\/wp-content\/uploads\/2015\/06\/Infancia-consumo-infantil-Violetta-autor-MAFIA-600x400.jpg 600w\" sizes=\"(max-width: 1200px) 100vw, 1200px\" \/>\t<\/div>\r\n\t\r\n\t<div class=\"hover-state\">\r\n\t\t<div class=\"align-vertical text-center\">\r\n\t\t\t<h1 class=\"text-white\"><strong>De modelos, paradigmas y utop\u00edas<\/strong><\/h1>\t\t\t<p class=\"text-white ebor-limit-width\">SOBRE LAS INFANCIAS. &nbsp; La soci\u00f3loga y antrop\u00f3loga social brasile\u00f1a Claudia Fonseca y la historiadora...<\/p>\r\n\t\t\t<a href=\"https:\/\/noticiasungs.ungs.edu.ar\/?portfolio=de-modelos-paradigmas-y-utopias\" class=\"btn btn-primary btn-white\">\r\n\t\t\t\tVer\t\t\t<\/a>\r\n\t\t<\/div>\r\n\t<\/div>\r\n\t\r\n<\/div><div id=\"portfolio-1661\" class=\"col-md-4 col-sm-6 no-pad project image-holder academia-y-ciencia institucional no-69\">\r\n\r\n\t<div class=\"background-image-holder\">\r\n\t\t<img width=\"1912\" height=\"1275\" src=\"https:\/\/noticiasungs.ungs.edu.ar\/wp-content\/uploads\/2015\/06\/Mincyt-UNGS-financian-la-produccion-de-combustible-derivado-de-residuos-solidos.jpg\" class=\"background-image wp-post-image\" alt=\"\" loading=\"lazy\" srcset=\"https:\/\/noticiasungs.ungs.edu.ar\/wp-content\/uploads\/2015\/06\/Mincyt-UNGS-financian-la-produccion-de-combustible-derivado-de-residuos-solidos.jpg 1912w, https:\/\/noticiasungs.ungs.edu.ar\/wp-content\/uploads\/2015\/06\/Mincyt-UNGS-financian-la-produccion-de-combustible-derivado-de-residuos-solidos-300x200.jpg 300w, https:\/\/noticiasungs.ungs.edu.ar\/wp-content\/uploads\/2015\/06\/Mincyt-UNGS-financian-la-produccion-de-combustible-derivado-de-residuos-solidos-1024x683.jpg 1024w, https:\/\/noticiasungs.ungs.edu.ar\/wp-content\/uploads\/2015\/06\/Mincyt-UNGS-financian-la-produccion-de-combustible-derivado-de-residuos-solidos-600x400.jpg 600w\" sizes=\"(max-width: 1912px) 100vw, 1912px\" \/>\t<\/div>\r\n\t\r\n\t<div class=\"hover-state\">\r\n\t\t<div class=\"align-vertical text-center\">\r\n\t\t\t<h1 class=\"text-white\"><strong>Producir combustible derivado de residuos<\/strong><\/h1>\t\t\t<p class=\"text-white ebor-limit-width\">CONSORCIO CON FINANCIAMIENTO DEL MINCYT. \u00bfCu\u00e1l es el destino de los miles y miles de...<\/p>\r\n\t\t\t<a href=\"https:\/\/noticiasungs.ungs.edu.ar\/?portfolio=producir-combustible-derivado-de-residuos\" class=\"btn btn-primary btn-white\">\r\n\t\t\t\tVer\t\t\t<\/a>\r\n\t\t<\/div>\r\n\t<\/div>\r\n\t\r\n<\/div><div id=\"portfolio-1656\" class=\"col-md-4 col-sm-6 no-pad project image-holder academia-y-ciencia comunidad no-69\">\r\n\r\n\t<div class=\"background-image-holder\">\r\n\t\t<img width=\"4000\" height=\"2714\" src=\"https:\/\/noticiasungs.ungs.edu.ar\/wp-content\/uploads\/2015\/06\/YPF-Planta-de-refinaci\u00f3n-.jpg\" class=\"background-image wp-post-image\" alt=\"\" loading=\"lazy\" srcset=\"https:\/\/noticiasungs.ungs.edu.ar\/wp-content\/uploads\/2015\/06\/YPF-Planta-de-refinaci\u00f3n-.jpg 4000w, https:\/\/noticiasungs.ungs.edu.ar\/wp-content\/uploads\/2015\/06\/YPF-Planta-de-refinaci\u00f3n--300x204.jpg 300w, https:\/\/noticiasungs.ungs.edu.ar\/wp-content\/uploads\/2015\/06\/YPF-Planta-de-refinaci\u00f3n--1024x695.jpg 1024w\" sizes=\"(max-width: 4000px) 100vw, 4000px\" \/>\t<\/div>\r\n\t\r\n\t<div class=\"hover-state\">\r\n\t\t<div class=\"align-vertical text-center\">\r\n\t\t\t<h1 class=\"text-white\"><strong>La Universidad y la industria petrolera<\/strong><\/h1>\t\t\t<p class=\"text-white ebor-limit-width\">RECURSOS NATURALES, ENERG\u00cdA Y DESARROLLO NACIONAL. Los desaf\u00edos del desarrollo de la industria del gas...<\/p>\r\n\t\t\t<a href=\"https:\/\/noticiasungs.ungs.edu.ar\/?portfolio=la-universidad-y-la-industria-petrolera\" class=\"btn btn-primary btn-white\">\r\n\t\t\t\tVer\t\t\t<\/a>\r\n\t\t<\/div>\r\n\t<\/div>\r\n\t\r\n<\/div><div id=\"portfolio-1654\" class=\"col-md-4 col-sm-6 no-pad project image-holder academia-y-ciencia institucional no-69\">\r\n\r\n\t<div class=\"background-image-holder\">\r\n\t\t<img width=\"1044\" height=\"428\" src=\"https:\/\/noticiasungs.ungs.edu.ar\/wp-content\/uploads\/2015\/06\/recorte-tecnicatura-en-Z\u00e1rate.jpg\" class=\"background-image wp-post-image\" alt=\"\" loading=\"lazy\" srcset=\"https:\/\/noticiasungs.ungs.edu.ar\/wp-content\/uploads\/2015\/06\/recorte-tecnicatura-en-Z\u00e1rate.jpg 1044w, https:\/\/noticiasungs.ungs.edu.ar\/wp-content\/uploads\/2015\/06\/recorte-tecnicatura-en-Z\u00e1rate-300x123.jpg 300w, https:\/\/noticiasungs.ungs.edu.ar\/wp-content\/uploads\/2015\/06\/recorte-tecnicatura-en-Z\u00e1rate-1024x420.jpg 1024w\" sizes=\"(max-width: 1044px) 100vw, 1044px\" \/>\t<\/div>\r\n\t\r\n\t<div class=\"hover-state\">\r\n\t\t<div class=\"align-vertical text-center\">\r\n\t\t\t<h1 class=\"text-white\"><strong>Formar para el desarrollo productivo<\/strong><\/h1>\t\t\t<p class=\"text-white ebor-limit-width\">LA TECNICATURA EN AUTOMATIZACI\u00d3N SE DICTA EN Z\u00c1RATE. Con una primera cohorte compuesta por treinta...<\/p>\r\n\t\t\t<a href=\"https:\/\/noticiasungs.ungs.edu.ar\/?portfolio=formar-para-el-desarrollo-productivo\" class=\"btn btn-primary btn-white\">\r\n\t\t\t\tVer\t\t\t<\/a>\r\n\t\t<\/div>\r\n\t<\/div>\r\n\t\r\n<\/div><div id=\"portfolio-1651\" class=\"col-md-4 col-sm-6 no-pad project image-holder institucional no-69\">\r\n\r\n\t<div class=\"background-image-holder\">\r\n\t\t<img width=\"4083\" height=\"2362\" src=\"https:\/\/noticiasungs.ungs.edu.ar\/wp-content\/uploads\/2015\/06\/Comisi\u00f3n-reforma-del-EStatuto-sesi\u00f3n-CRE.jpg\" class=\"background-image wp-post-image\" alt=\"\" loading=\"lazy\" srcset=\"https:\/\/noticiasungs.ungs.edu.ar\/wp-content\/uploads\/2015\/06\/Comisi\u00f3n-reforma-del-EStatuto-sesi\u00f3n-CRE.jpg 4083w, https:\/\/noticiasungs.ungs.edu.ar\/wp-content\/uploads\/2015\/06\/Comisi\u00f3n-reforma-del-EStatuto-sesi\u00f3n-CRE-300x174.jpg 300w, https:\/\/noticiasungs.ungs.edu.ar\/wp-content\/uploads\/2015\/06\/Comisi\u00f3n-reforma-del-EStatuto-sesi\u00f3n-CRE-1024x592.jpg 1024w\" sizes=\"(max-width: 4083px) 100vw, 4083px\" \/>\t<\/div>\r\n\t\r\n\t<div class=\"hover-state\">\r\n\t\t<div class=\"align-vertical text-center\">\r\n\t\t\t<h1 class=\"text-white\"><strong>Conjugando el verbo democratizar<\/strong><\/h1>\t\t\t<p class=\"text-white ebor-limit-width\">REFORMA DEL ESTATUTO. Tal como se inform\u00f3 en el \u00faltimo n\u00famero de Noticias UNGS, la...<\/p>\r\n\t\t\t<a href=\"https:\/\/noticiasungs.ungs.edu.ar\/?portfolio=conjugando-el-verbo-democratizar\" class=\"btn btn-primary btn-white\">\r\n\t\t\t\tVer\t\t\t<\/a>\r\n\t\t<\/div>\r\n\t<\/div>\r\n\t\r\n<\/div><div id=\"portfolio-1650\" class=\"col-md-4 col-sm-6 no-pad project image-holder institucional no-69\">\r\n\r\n\t<div class=\"background-image-holder\">\r\n\t\t<img width=\"2048\" height=\"1536\" src=\"https:\/\/noticiasungs.ungs.edu.ar\/wp-content\/uploads\/2015\/06\/monica-marquina.jpg\" class=\"background-image wp-post-image\" alt=\"\" loading=\"lazy\" srcset=\"https:\/\/noticiasungs.ungs.edu.ar\/wp-content\/uploads\/2015\/06\/monica-marquina.jpg 2048w, https:\/\/noticiasungs.ungs.edu.ar\/wp-content\/uploads\/2015\/06\/monica-marquina-300x225.jpg 300w, https:\/\/noticiasungs.ungs.edu.ar\/wp-content\/uploads\/2015\/06\/monica-marquina-1024x768.jpg 1024w\" sizes=\"(max-width: 2048px) 100vw, 2048px\" \/>\t<\/div>\r\n\t\r\n\t<div class=\"hover-state\">\r\n\t\t<div class=\"align-vertical text-center\">\r\n\t\t\t<h1 class=\"text-white\"><strong>La elecci\u00f3n directa, \u00bfqu\u00e9 problema resuelve en la UNGS?<\/strong><\/h1>\t\t\t<p class=\"text-white ebor-limit-width\">REBOTES. La elecci\u00f3n directa es un mecanismo aplicado hoy por la quinta parte de las...<\/p>\r\n\t\t\t<a href=\"https:\/\/noticiasungs.ungs.edu.ar\/?portfolio=la-eleccion-directa-que-problema-resuelve-en-la-ungs\" class=\"btn btn-primary btn-white\">\r\n\t\t\t\tVer\t\t\t<\/a>\r\n\t\t<\/div>\r\n\t<\/div>\r\n\t\r\n<\/div><div id=\"portfolio-1647\" class=\"col-md-4 col-sm-6 no-pad project image-holder cultural no-69\">\r\n\r\n\t<div class=\"background-image-holder\">\r\n\t\t<img width=\"2817\" height=\"2019\" src=\"https:\/\/noticiasungs.ungs.edu.ar\/wp-content\/uploads\/2015\/06\/Manifestacion-Berni-300.jpg\" class=\"background-image wp-post-image\" alt=\"\" loading=\"lazy\" srcset=\"https:\/\/noticiasungs.ungs.edu.ar\/wp-content\/uploads\/2015\/06\/Manifestacion-Berni-300.jpg 2817w, https:\/\/noticiasungs.ungs.edu.ar\/wp-content\/uploads\/2015\/06\/Manifestacion-Berni-300-300x215.jpg 300w, https:\/\/noticiasungs.ungs.edu.ar\/wp-content\/uploads\/2015\/06\/Manifestacion-Berni-300-1024x734.jpg 1024w\" sizes=\"(max-width: 2817px) 100vw, 2817px\" \/>\t<\/div>\r\n\t\r\n\t<div class=\"hover-state\">\r\n\t\t<div class=\"align-vertical text-center\">\r\n\t\t\t<h1 class=\"text-white\"><strong>El pan, el pu\u00f1o y las miradas<\/strong><\/h1>\t\t\t<p class=\"text-white ebor-limit-width\">GALER\u00cdA. Continuamos en este n\u00famero de Noticias UNGS con la publicaci\u00f3n de los trabajos del...<\/p>\r\n\t\t\t<a href=\"https:\/\/noticiasungs.ungs.edu.ar\/?portfolio=el-pan-el-puno-y-las-miradas\" class=\"btn btn-primary btn-white\">\r\n\t\t\t\tVer\t\t\t<\/a>\r\n\t\t<\/div>\r\n\t<\/div>\r\n\t\r\n<\/div><div id=\"portfolio-1644\" class=\"col-md-4 col-sm-6 no-pad project image-holder cultural no-69\">\r\n\r\n\t<div class=\"background-image-holder\">\r\n\t\t<img width=\"2021\" height=\"1536\" src=\"https:\/\/noticiasungs.ungs.edu.ar\/wp-content\/uploads\/2015\/06\/Teatro-infantil-don-cartone-sancho-lata-y-musiquito.-foto-de-Mariano-Arias.jpg\" class=\"background-image wp-post-image\" alt=\"\" loading=\"lazy\" srcset=\"https:\/\/noticiasungs.ungs.edu.ar\/wp-content\/uploads\/2015\/06\/Teatro-infantil-don-cartone-sancho-lata-y-musiquito.-foto-de-Mariano-Arias.jpg 2021w, https:\/\/noticiasungs.ungs.edu.ar\/wp-content\/uploads\/2015\/06\/Teatro-infantil-don-cartone-sancho-lata-y-musiquito.-foto-de-Mariano-Arias-300x228.jpg 300w, https:\/\/noticiasungs.ungs.edu.ar\/wp-content\/uploads\/2015\/06\/Teatro-infantil-don-cartone-sancho-lata-y-musiquito.-foto-de-Mariano-Arias-1024x778.jpg 1024w\" sizes=\"(max-width: 2021px) 100vw, 2021px\" \/>\t<\/div>\r\n\t\r\n\t<div class=\"hover-state\">\r\n\t\t<div class=\"align-vertical text-center\">\r\n\t\t\t<h1 class=\"text-white\"><strong>Los lenguajes y los mundos infantiles<\/strong><\/h1>\t\t\t<p class=\"text-white ebor-limit-width\">TEATRO. En julio se desarrollar\u00e1 la d\u00e9cima edici\u00f3n de la ya muy instalada \u201cFiesta de...<\/p>\r\n\t\t\t<a href=\"https:\/\/noticiasungs.ungs.edu.ar\/?portfolio=los-lenguajes-y-los-mundos-infantiles\" class=\"btn btn-primary btn-white\">\r\n\t\t\t\tVer\t\t\t<\/a>\r\n\t\t<\/div>\r\n\t<\/div>\r\n\t\r\n<\/div><div id=\"portfolio-1642\" class=\"col-md-4 col-sm-6 no-pad project image-holder academia-y-ciencia no-69\">\r\n\r\n\t<div class=\"background-image-holder\">\r\n\t\t<img width=\"3740\" height=\"1420\" src=\"https:\/\/noticiasungs.ungs.edu.ar\/wp-content\/uploads\/2015\/06\/conferencia-chomsky-DiGesu-y-Kornfeld.jpg\" class=\"background-image wp-post-image\" alt=\"\" loading=\"lazy\" srcset=\"https:\/\/noticiasungs.ungs.edu.ar\/wp-content\/uploads\/2015\/06\/conferencia-chomsky-DiGesu-y-Kornfeld.jpg 3740w, https:\/\/noticiasungs.ungs.edu.ar\/wp-content\/uploads\/2015\/06\/conferencia-chomsky-DiGesu-y-Kornfeld-300x114.jpg 300w, https:\/\/noticiasungs.ungs.edu.ar\/wp-content\/uploads\/2015\/06\/conferencia-chomsky-DiGesu-y-Kornfeld-1024x389.jpg 1024w\" sizes=\"(max-width: 3740px) 100vw, 3740px\" \/>\t<\/div>\r\n\t\r\n\t<div class=\"hover-state\">\r\n\t\t<div class=\"align-vertical text-center\">\r\n\t\t\t<h1 class=\"text-white\"><strong>\u201cEl conocimiento ling\u00fc\u00edstico no depende de la inteligencia\u201d<\/strong><\/h1>\t\t\t<p class=\"text-white ebor-limit-width\">CHOMSKY Y EL PROFESORADO DE LENGUA Y LITERATURA DE A UNGS. El profesor y escritor...<\/p>\r\n\t\t\t<a href=\"https:\/\/noticiasungs.ungs.edu.ar\/?portfolio=el-conocimiento-linguistico-no-depende-de-la-inteligencia\" class=\"btn btn-primary btn-white\">\r\n\t\t\t\tVer\t\t\t<\/a>\r\n\t\t<\/div>\r\n\t<\/div>\r\n\t\r\n<\/div><div id=\"portfolio-1638\" class=\"col-md-4 col-sm-6 no-pad project image-holder cultural no-69\">\r\n\r\n\t<div class=\"background-image-holder\">\r\n\t\t<img width=\"1772\" height=\"1548\" src=\"https:\/\/noticiasungs.ungs.edu.ar\/wp-content\/uploads\/2015\/06\/Escena-de-la-pel\u00edcula-Cuchillo_de_Palo-dirigida-por-Renate-Costa.jpg\" class=\"background-image wp-post-image\" alt=\"\" loading=\"lazy\" srcset=\"https:\/\/noticiasungs.ungs.edu.ar\/wp-content\/uploads\/2015\/06\/Escena-de-la-pel\u00edcula-Cuchillo_de_Palo-dirigida-por-Renate-Costa.jpg 1772w, https:\/\/noticiasungs.ungs.edu.ar\/wp-content\/uploads\/2015\/06\/Escena-de-la-pel\u00edcula-Cuchillo_de_Palo-dirigida-por-Renate-Costa-300x262.jpg 300w, https:\/\/noticiasungs.ungs.edu.ar\/wp-content\/uploads\/2015\/06\/Escena-de-la-pel\u00edcula-Cuchillo_de_Palo-dirigida-por-Renate-Costa-1024x895.jpg 1024w\" sizes=\"(max-width: 1772px) 100vw, 1772px\" \/>\t<\/div>\r\n\t\r\n\t<div class=\"hover-state\">\r\n\t\t<div class=\"align-vertical text-center\">\r\n\t\t\t<h1 class=\"text-white\"><strong>Hablemos de pel\u00edculas<\/strong><\/h1>\t\t\t<p class=\"text-white ebor-limit-width\">EN EL MUSEO DE LA LENGUA DE LA UNIVERSIDAD. El Museo de la Lengua de...<\/p>\r\n\t\t\t<a href=\"https:\/\/noticiasungs.ungs.edu.ar\/?portfolio=hablemos-de-peliculas\" class=\"btn btn-primary btn-white\">\r\n\t\t\t\tVer\t\t\t<\/a>\r\n\t\t<\/div>\r\n\t<\/div>\r\n\t\r\n<\/div><div id=\"portfolio-1626\" class=\"col-md-4 col-sm-6 no-pad project image-holder cultural no-69\">\r\n\r\n\t<div class=\"background-image-holder\">\r\n\t\t<img width=\"1575\" height=\"1069\" src=\"https:\/\/noticiasungs.ungs.edu.ar\/wp-content\/uploads\/2015\/06\/trenes-2-por-Juan-Britos.jpg\" class=\"background-image wp-post-image\" alt=\"\" loading=\"lazy\" srcset=\"https:\/\/noticiasungs.ungs.edu.ar\/wp-content\/uploads\/2015\/06\/trenes-2-por-Juan-Britos.jpg 1575w, https:\/\/noticiasungs.ungs.edu.ar\/wp-content\/uploads\/2015\/06\/trenes-2-por-Juan-Britos-300x204.jpg 300w, https:\/\/noticiasungs.ungs.edu.ar\/wp-content\/uploads\/2015\/06\/trenes-2-por-Juan-Britos-1024x695.jpg 1024w\" sizes=\"(max-width: 1575px) 100vw, 1575px\" \/>\t<\/div>\r\n\t\r\n\t<div class=\"hover-state\">\r\n\t\t<div class=\"align-vertical text-center\">\r\n\t\t\t<h1 class=\"text-white\"><strong>Simbolismo de multitudes<\/strong><\/h1>\t\t\t<p class=\"text-white ebor-limit-width\">MUESTRA SOBRE FF. CC. El sistema ferroviario argentino naci\u00f3 en 1857 para alentar la exportaci\u00f3n...<\/p>\r\n\t\t\t<a href=\"https:\/\/noticiasungs.ungs.edu.ar\/?portfolio=simbolismo-de-multitudes\" class=\"btn btn-primary btn-white\">\r\n\t\t\t\tVer\t\t\t<\/a>\r\n\t\t<\/div>\r\n\t<\/div>\r\n\t\r\n<\/div><div id=\"portfolio-1625\" class=\"col-md-4 col-sm-6 no-pad project image-holder institucional no-69 libros\">\r\n\r\n\t<div class=\"background-image-holder\">\r\n\t\t<img width=\"960\" height=\"640\" src=\"https:\/\/noticiasungs.ungs.edu.ar\/wp-content\/uploads\/2015\/06\/UNGS-Stand-2015.jpg\" class=\"background-image wp-post-image\" alt=\"\" loading=\"lazy\" srcset=\"https:\/\/noticiasungs.ungs.edu.ar\/wp-content\/uploads\/2015\/06\/UNGS-Stand-2015.jpg 960w, https:\/\/noticiasungs.ungs.edu.ar\/wp-content\/uploads\/2015\/06\/UNGS-Stand-2015-300x200.jpg 300w, https:\/\/noticiasungs.ungs.edu.ar\/wp-content\/uploads\/2015\/06\/UNGS-Stand-2015-600x400.jpg 600w\" sizes=\"(max-width: 960px) 100vw, 960px\" \/>\t<\/div>\r\n\t\r\n\t<div class=\"hover-state\">\r\n\t\t<div class=\"align-vertical text-center\">\r\n\t\t\t<h1 class=\"text-white\"><strong>Destacado papel de las ediciones de la UNGS<\/strong><\/h1>\t\t\t<p class=\"text-white ebor-limit-width\">41.a\u00a0FERIA DEL LIBRO DE BUENOS AIRES. La Universidad Nacional de General Sarmiento tuvo una vez...<\/p>\r\n\t\t\t<a href=\"https:\/\/noticiasungs.ungs.edu.ar\/?portfolio=destacado-papel-de-las-ediciones-de-la-ungs\" class=\"btn btn-primary btn-white\">\r\n\t\t\t\tVer\t\t\t<\/a>\r\n\t\t<\/div>\r\n\t<\/div>\r\n\t\r\n<\/div>\t\t\t\t\r\n\t\t\t\t<\/div><!--end of projects-container-->\r\n\t\t\t\t\r\n\t\t\t\r\n\t\t<\/div><!--end of projects wrapper-->\r\n\t<\/section>\r\n\t\t\t\r\n\n\t\t<\/div> \n\t<\/div> \n\n\t<div class=\"vc_col-sm-12 wpb_column vc_column_container \">\n\t\t<div class=\"wpb_wrapper\">\n\t\t\t\n\t\t<\/div> \n\t<\/div> \n\n\t<div class=\"vc_col-sm-12 wpb_column vc_column_container \">\n\t\t<div class=\"wpb_wrapper\">\n\t\t\t<div class=\"vc_separator wpb_content_element vc_sep_width_100 vc_sep_pos_align_center vc_separator_no_text vc_sep_color_white\">\r\n\t<span class=\"vc_sep_holder vc_sep_holder_l\"><span class=\"vc_sep_line\"><\/span><\/span>\r\n\t\t<span class=\"vc_sep_holder vc_sep_holder_r\"><span class=\"vc_sep_line\"><\/span><\/span>\r\n<\/div>\r\n\n\n\t\t<\/div> \n\t<\/div> \n<\/section><section class=\"full vc_row wpb_row vc_row-fluid\">\n\t<div class=\"vc_col-sm-3 wpb_column vc_column_container \">\n\t\t<div class=\"wpb_wrapper\">\n\t\t\t\n\t\t<\/div> \n\t<\/div> \n\n\t<div class=\"vc_col-sm-6 wpb_column vc_column_container \">\n\t\t<div class=\"wpb_wrapper\">\n\t\t\t<div class=\"feature\"><\/div>\n\t\t<\/div> \n\t<\/div> \n\n\t<div class=\"vc_col-sm-3 wpb_column vc_column_container \">\n\t\t<div class=\"wpb_wrapper\">\n\t\t\t\n\t\t<\/div> \n\t<\/div> \n\n\t<div class=\"vc_col-sm-12 wpb_column vc_column_container \">\n\t\t<div class=\"wpb_wrapper\">\n\t\t\t\n\t\t<\/div> \n\t<\/div> \n<\/section><section class=\"full vc_row wpb_row vc_row-fluid\">\n\t<div class=\"vc_col-sm-2 wpb_column vc_column_container \">\n\t\t<div class=\"wpb_wrapper\">\n\t\t\t\n\t\t<\/div> \n\t<\/div> \n\n\t<div class=\"vc_col-sm-8 wpb_column vc_column_container \">\n\t\t<div class=\"wpb_wrapper\">\n\t\t\t<div class=\"vc_separator wpb_content_element vc_sep_width_100 vc_sep_pos_align_center vc_separator_no_text vc_sep_color_white\">\r\n\t<span class=\"vc_sep_holder vc_sep_holder_l\"><span class=\"vc_sep_line\"><\/span><\/span>\r\n\t\t<span class=\"vc_sep_holder vc_sep_holder_r\"><span class=\"vc_sep_line\"><\/span><\/span>\r\n<\/div>\r\n\n\n\t\t<\/div> \n\t<\/div> \n\n\t<div class=\"vc_col-sm-2 wpb_column vc_column_container \">\n\t\t<div class=\"wpb_wrapper\">\n\t\t\t\n\t\t<\/div> \n\t<\/div> \n<\/section><section class=\"full vc_row wpb_row vc_row-fluid\">\n\t<div class=\"vc_col-sm-12 wpb_column vc_column_container \">\n\t\t<div class=\"wpb_wrapper\">\n\t\t\t\n\t\t<\/div> \n\t<\/div> \n\n\t<div class=\"vc_col-sm-12 wpb_column vc_column_container \">\n\t\t<div class=\"wpb_wrapper\">\n\t\t\t\n\t\t<\/div> \n\t<\/div> \n<\/section><section class=\"full vc_row wpb_row vc_row-fluid\">\n\t<div class=\"vc_col-sm-4 wpb_column vc_column_container \">\n\t\t<div class=\"wpb_wrapper\">\n\t\t\t\n\t\t<\/div> \n\t<\/div> \n\n\t<div class=\"vc_col-sm-4 wpb_column vc_column_container \">\n\t\t<div class=\"wpb_wrapper\">\n\t\t\t\n\t\t<\/div> \n\t<\/div> \n\n\t<div class=\"vc_col-sm-4 wpb_column vc_column_container \">\n\t\t<div class=\"wpb_wrapper\">\n\t\t\t\n\t\t<\/div> \n\t<\/div> \n<\/section><section class=\"full vc_row wpb_row vc_row-fluid\">\n\t<div class=\"vc_col-sm-12 wpb_column vc_column_container \">\n\t\t<div class=\"wpb_wrapper\">\n\t\t\t<div class=\"vc_separator wpb_content_element vc_sep_width_100 vc_sep_pos_align_center vc_separator_no_text vc_sep_color_white\">\r\n\t<span class=\"vc_sep_holder vc_sep_holder_l\"><span class=\"vc_sep_line\"><\/span><\/span>\r\n\t\t<span class=\"vc_sep_holder vc_sep_holder_r\"><span class=\"vc_sep_line\"><\/span><\/span>\r\n<\/div>\r\n\n\n\t\t<\/div> \n\t<\/div> \n\n\t<div class=\"vc_col-sm-12 wpb_column vc_column_container \">\n\t\t<div class=\"wpb_wrapper\">\n\t\t\t\n\t\t<\/div> \n\t<\/div> \n<\/section><section class=\"full vc_row wpb_row vc_row-fluid\">\n\t<div class=\"vc_col-sm-12 wpb_column vc_column_container \">\n\t\t<div class=\"wpb_wrapper\">\n\t\t\t\n\t\t<\/div> \n\t<\/div> \n\n\t<div class=\"vc_col-sm-12 wpb_column vc_column_container \">\n\t\t<div class=\"wpb_wrapper\">\n\t\t\t\n\t\t<\/div> \n\t<\/div> \n<\/section><section class=\"full vc_row wpb_row vc_row-fluid\">\n\t<div class=\"vc_col-sm-12 wpb_column vc_column_container \">\n\t\t<div class=\"wpb_wrapper\">\n\t\t\t\n\t\t<\/div> \n\t<\/div> \n<\/section><section class=\"full vc_row wpb_row vc_row-fluid\">\n\t<div class=\"vc_col-sm-3 wpb_column vc_column_container \">\n\t\t<div class=\"wpb_wrapper\">\n\t\t\t\n\t\t<\/div> \n\t<\/div> \n\n\t<div class=\"vc_col-sm-6 wpb_column vc_column_container \">\n\t\t<div class=\"wpb_wrapper\">\n\t\t\t\n\t\t<\/div> \n\t<\/div> \n\n\t<div class=\"vc_col-sm-3 wpb_column vc_column_container \">\n\t\t<div class=\"wpb_wrapper\">\n\t\t\t\n\t\t<\/div> \n\t<\/div> \n\n\t<div class=\"vc_col-sm-12 wpb_column vc_column_container \">\n\t\t<div class=\"wpb_wrapper\">\n\t\t\t\n\t\t<\/div> \n\t<\/div> \n<\/section><a href=\"#\" id=\"\" class=\"in-page-link\"><\/a><section class=\" vc_row wpb_row vc_row-fluid\"><div class=\"container\"><div class=\"row\">\n\t<div class=\"vc_col-sm-12 wpb_column vc_column_container \">\n\t\t<div class=\"wpb_wrapper\">\n\t\t\t<span class=\" alt-font text-center ebor-block\">........................<\/span><div class=\"text-center\"><h1 class=\"\"><\/p>\n<h1>Equipo<\/h1>\n<p><\/h1><\/div>\r\n\t\t\t\t\r\n\t\t\t<div class=\"space-bottom-large team-1\"> \r\n\t\t\t\t\r\n<div class=\"col-sm-4\">\r\n\t<div class=\"team-1-member\">\r\n\t\t<div class=\"ebor-team-1-image\">\r\n\t\t\t<img width=\"172\" height=\"172\" src=\"https:\/\/noticiasungs.ungs.edu.ar\/wp-content\/uploads\/2015\/04\/noticias-ungs-fondo-celeste-172x172.jpg\" class=\"attachment-team-small size-team-small wp-post-image\" alt=\"\" loading=\"lazy\" srcset=\"https:\/\/noticiasungs.ungs.edu.ar\/wp-content\/uploads\/2015\/04\/noticias-ungs-fondo-celeste-172x172.jpg 172w, https:\/\/noticiasungs.ungs.edu.ar\/wp-content\/uploads\/2015\/04\/noticias-ungs-fondo-celeste-150x150.jpg 150w, https:\/\/noticiasungs.ungs.edu.ar\/wp-content\/uploads\/2015\/04\/noticias-ungs-fondo-celeste-60x60.jpg 60w\" sizes=\"(max-width: 172px) 100vw, 172px\" \/>\t\t<\/div>\r\n\t\t<h2><a href=\"https:\/\/noticiasungs.ungs.edu.ar\/?team=ver-todos\">Ver todos<\/a><\/h2><div class=\"space-top-small\"><\/div>Ver todos Ver todos Gabriela DikerRectora Pablo Bonaldi Eduardo RinesiDirector Brenda LienerSecretar\u00eda de Redacci\u00f3n Marcela...<!-- AddThis Advanced Settings generic via filter on the_excerpt --><!-- AddThis Share Buttons generic via filter on the_excerpt -->\t<\/div><!--end of team member-->\r\n<\/div>\r\n<div class=\"col-sm-4\">\r\n\t<div class=\"team-1-member\">\r\n\t\t<div class=\"ebor-team-1-image\">\r\n\t\t\t<img width=\"172\" height=\"172\" src=\"https:\/\/noticiasungs.ungs.edu.ar\/wp-content\/uploads\/2020\/05\/colaboran-en-este-numero-01-172x172.jpg\" class=\"attachment-team-small size-team-small wp-post-image\" alt=\"\" loading=\"lazy\" srcset=\"https:\/\/noticiasungs.ungs.edu.ar\/wp-content\/uploads\/2020\/05\/colaboran-en-este-numero-01-172x172.jpg 172w, https:\/\/noticiasungs.ungs.edu.ar\/wp-content\/uploads\/2020\/05\/colaboran-en-este-numero-01-150x150.jpg 150w, https:\/\/noticiasungs.ungs.edu.ar\/wp-content\/uploads\/2020\/05\/colaboran-en-este-numero-01-60x60.jpg 60w\" sizes=\"(max-width: 172px) 100vw, 172px\" \/>\t\t<\/div>\r\n\t\t<h2><a href=\"https:\/\/noticiasungs.ungs.edu.ar\/?team=ver-todos-2\">Ver todos<\/a><\/h2><div class=\"space-top-small\"><\/div><p>&nbsp; Colaboradores: M\u00f3nica Alabart, Ricardo Aronskind, Rocco Carbone, Magdalena Chiara, Federico Fritzsche, Horacio Gonz\u00e1lez, Oscar&#8230;<\/p>\n<!-- AddThis Advanced Settings generic via filter on the_excerpt --><!-- AddThis Share Buttons generic via filter on the_excerpt -->\t<\/div><!--end of team member-->\r\n<\/div>\r\n<div class=\"col-sm-4\">\r\n\t<div class=\"team-1-member\">\r\n\t\t<div class=\"ebor-team-1-image\">\r\n\t\t\t<img width=\"172\" height=\"172\" src=\"https:\/\/noticiasungs.ungs.edu.ar\/wp-content\/uploads\/2014\/09\/Escuela-secundaria_19-172x172.jpg\" class=\"attachment-team-small size-team-small wp-post-image\" alt=\"\" loading=\"lazy\" srcset=\"https:\/\/noticiasungs.ungs.edu.ar\/wp-content\/uploads\/2014\/09\/Escuela-secundaria_19-172x172.jpg 172w, https:\/\/noticiasungs.ungs.edu.ar\/wp-content\/uploads\/2014\/09\/Escuela-secundaria_19-150x150.jpg 150w, https:\/\/noticiasungs.ungs.edu.ar\/wp-content\/uploads\/2014\/09\/Escuela-secundaria_19-60x60.jpg 60w\" sizes=\"(max-width: 172px) 100vw, 172px\" \/>\t\t<\/div>\r\n\t\t<h2><a href=\"https:\/\/noticiasungs.ungs.edu.ar\/?team=gabriela-diker-2\">Gabriela Diker<\/a><\/h2><h5>Rectora<\/h5><div class=\"space-top-small\"><\/div><p>Rectora de la UNGS ,\u00a0es Licenciada en Ciencias de la Educaci\u00f3n (UBA) y Doctora en&#8230;<\/p>\n<!-- AddThis Advanced Settings generic via filter on the_excerpt --><!-- AddThis Share Buttons generic via filter on the_excerpt -->\t<\/div><!--end of team member-->\r\n<\/div><div class=\"clearfix\"><\/div>\t\t\t<\/div>\r\n\t\t\t\t\t\r\n\t\t\t\r\n\t\t\t\r\n\n\t\t<\/div> \n\t<\/div> \n\n\t<div class=\"vc_col-sm-12 wpb_column vc_column_container \">\n\t\t<div class=\"wpb_wrapper\">\n\t\t\t<a href=\"#\" id=\"\" class=\"in-page-link\"><\/a><section class=\" vc_row wpb_row vc_inner vc_row-fluid\"><div class=\"container\"><div class=\"row\">\n\t<div class=\"vc_col-sm-4 wpb_column vc_column_container \">\n\t\t<div class=\"wpb_wrapper\">\n\t\t\t\n\t\t<\/div> \n\t<\/div> \n\n\t<div class=\"vc_col-sm-4 wpb_column vc_column_container \">\n\t\t<div class=\"wpb_wrapper\">\n\t\t\t<div class=\"vc_wp_search wpb_content_element\"><div class=\"widget widget_search\"><h2 class=\"widgettitle\">Buscar<\/h2><form class=\"searchform comment-form\" method=\"get\" id=\"searchform\" action=\"https:\/\/noticiasungs.ungs.edu.ar\">\r\n\t<div class=\"form-input\">\r\n\t\t<input type=\"text\" id=\"s2\" name=\"s\" placeholder=\"Escribir y presionar enter para buscar\" \/>\r\n\t<\/div>\r\n<\/form><\/div><\/div>\n\n\t\t<\/div> \n\t<\/div> \n\n\t<div class=\"vc_col-sm-4 wpb_column vc_column_container \">\n\t\t<div class=\"wpb_wrapper\">\n\t\t\t\n\t\t<\/div> \n\t<\/div> \n<\/div><\/div><\/section>\n\t\t<\/div> \n\t<\/div> \n<\/div><\/div><\/section>\n","protected":false},"excerpt":{"rendered":"Rectora de la UNGS ,\u00a0es Licenciada en Ciencias de la Educaci\u00f3n (UBA) y Doctora en...<!-- AddThis Advanced Settings generic via filter on the_excerpt --><!-- AddThis Share Buttons generic via filter on the_excerpt -->","protected":false},"author":36,"featured_media":0,"parent":0,"menu_order":0,"comment_status":"closed","ping_status":"closed","template":"","meta":[],"_links":{"self":[{"href":"https:\/\/noticiasungs.ungs.edu.ar\/index.php?rest_route=\/wp\/v2\/pages\/1613"}],"collection":[{"href":"https:\/\/noticiasungs.ungs.edu.ar\/index.php?rest_route=\/wp\/v2\/pages"}],"about":[{"href":"https:\/\/noticiasungs.ungs.edu.ar\/index.php?rest_route=\/wp\/v2\/types\/page"}],"author":[{"embeddable":true,"href":"https:\/\/noticiasungs.ungs.edu.ar\/index.php?rest_route=\/wp\/v2\/users\/36"}],"replies":[{"embeddable":true,"href":"https:\/\/noticiasungs.ungs.edu.ar\/index.php?rest_route=%2Fwp%2Fv2%2Fcomments&post=1613"}],"version-history":[{"count":0,"href":"https:\/\/noticiasungs.ungs.edu.ar\/index.php?rest_route=\/wp\/v2\/pages\/1613\/revisions"}],"wp:attachment":[{"href":"https:\/\/noticiasungs.ungs.edu.ar\/index.php?rest_route=%2Fwp%2Fv2%2Fmedia&parent=1613"}],"curies":[{"name":"wp","href":"https:\/\/api.w.org\/{rel}","templated":true}]}}